{"id":3116,"date":"2022-08-27T21:43:06","date_gmt":"2022-08-27T19:43:06","guid":{"rendered":"https:\/\/www.ericseva.com\/?post_type=projet&#038;p=3116"},"modified":"2022-10-22T20:28:38","modified_gmt":"2022-10-22T18:28:38","slug":"adeo","status":"publish","type":"projet","link":"https:\/\/www.ericseva.com\/en\/projet\/adeo\/","title":{"rendered":"Adeo"},"content":{"rendered":"\n<h4 class=\"wp-block-heading\">Adeo sera en tourn\u00e9e au printemps-\u00e9t\u00e9 2023.<\/h4>\n\n\n\n<figure class=\"wp-block-embed is-type-video is-provider-youtube wp-block-embed-youtube wp-embed-aspect-16-9 wp-has-aspect-ratio\"><div class=\"wp-block-embed__wrapper\">\n<iframe title=\"Eric S\u00c9VA pr\u00e9sente \u201cAdeo\" width=\"1066\" height=\"600\" src=\"https:\/\/www.youtube.com\/embed\/TLCCDF3WSis?feature=oembed\" frameborder=\"0\" allow=\"accelerometer; autoplay; clipboard-write; encrypted-media; gyroscope; picture-in-picture\" allowfullscreen en><\/iframe>\n<\/div><\/figure>\n\n\n\n<p>Au milieu d&#8217;un instrumentarium in\u00e9dit qui r\u00e9unit son trio actuel et quatre solistes classique, il s\u2019est entour\u00e9 de six musiciens d&#8217;exception. Depuis de nombreuses ann\u00e9es le travail d\u2019Eric est nourri par les correspondances qu\u2019il entretient avec&nbsp;diff\u00e9rentes musiques.&nbsp;Un travail qui s&#8217;est concr\u00e9tis\u00e9 par l&#8217;enregistrement de six albums de compositions originales qui ont fait appel \u00e0 une instrumentation, des timbres et des couleurs diff\u00e9rentes.La curiosit\u00e9 et l\u02bc\u00e9clectisme artistique des quatre musiciens classiques (deux cordes, deux bois) offrent la&nbsp;possibilit\u00e9 d\u02bcutiliser de multiples combinaisons pour marier tous ces timbres avec ses saxophones.C\u02bcest en pensant aux instruments du septet qu\u2019il a compos\u00e9 et arrang\u00e9 la musique d\u02bcAdeo.&nbsp;Afin de favoriser la rencontre entre ces musiciens venus d\u02bcunivers et de cultures diff\u00e9rentes, il a fait \u00e9cho au tr\u00e8s riche travail d&#8217;ethnomusicologie de B\u00e9la Bart\u00f3k&nbsp;en lui empruntant l\u2019une de ses danses roumaines; Danse qu\u2019il a adapt\u00e9 et r\u00e9arrang\u00e9 pour nourrir ce projet&nbsp;transversal. Qu&#8217;elles soient savantes, traditionnelles ou populaires, ces musiques nourrissent chez lui un nomadisme&nbsp;artistique dont l&#8217;\u00e9criture et l&#8217;improvisation sont le fil rouge de ces conversations.&nbsp;Adeo (septi\u00e8me opus en septet)&nbsp;est une expression latine qui signifie \u00ab&nbsp;aller vers&nbsp;\u00bb, aller vers une musique&nbsp;situ\u00e9e au carrefour de la tradition orale (le jazz et les musiques populaires) et de la tradition \u00e9crite (la&nbsp;musique classique). Tel un narrateur il assemble toutes ces influences se traduisent par des \u00abhistoires\u00bb qui lui permette de&nbsp;partager ces voyages et paysages sonores avec le public.<\/p>\n\n\n\n<p>\u00c9ric S\u00e9va I saxophones t\u00e9nor, soprano, compositions<\/p>\n\n\n\n<ul><li>Nicolas Fargeix&nbsp;: clarinette basse&nbsp;&nbsp;<\/li><li>Philippe Hanon&nbsp;: basson<\/li><li>David Vainsot&nbsp;: violon alto<\/li><li>Gr\u00e9goire Korniluk&nbsp;: violoncelle<\/li><li>Kevin Reveyrand&nbsp;: basse<\/li><li>Fran\u00e7is Arnaud&nbsp;: batterie, caj\u00f2n<\/li><\/ul>\n\n\n\n<p><em>(Line up sous r\u00e9serve de disponibilit\u00e9)<\/em><\/p>\n","protected":false},"excerpt":{"rendered":"<p>Adeo sera en tourn\u00e9e au printemps-\u00e9t\u00e9 2023. Au milieu d&#8217;un instrumentarium in\u00e9dit qui r\u00e9unit son trio actuel et quatre solistes classique, il s\u2019est entour\u00e9 de six musiciens d&#8217;exception. Depuis de nombreuses ann\u00e9es le travail d\u2019Eric &hellip;<\/p>\n","protected":false},"author":4,"featured_media":3974,"template":"","yoast_head":"<!-- This site is optimized with the Yoast SEO plugin v22.6 - https:\/\/yoast.com\/wordpress\/plugins\/seo\/ -->\n<title>Adeo &#8211; \u00c9ric S\u00e9va : Saxophoniste et compositeur<\/title>\n<meta name=\"description\" content=\"Adeo sera en tourn\u00e9e au printemps-\u00e9t\u00e9 2023. https:\/\/youtu.be\/TLCCDF3WSis Au milieu d&#039;un instrumentarium in\u00e9dit qui r\u00e9unit son trio actuel et quatre\" \/>\n<meta name=\"robots\" content=\"index, follow, max-snippet:-1, max-image-preview:large, max-video-preview:-1\" \/>\n<link rel=\"canonical\" href=\"https:\/\/www.ericseva.com\/projet\/adeo\/\" \/>\n<meta property=\"og:locale\" content=\"en_US\" \/>\n<meta property=\"og:type\" content=\"article\" \/>\n<meta property=\"og:title\" content=\"Adeo &#8211; \u00c9ric S\u00e9va : Saxophoniste et compositeur\" \/>\n<meta property=\"og:description\" content=\"Adeo sera en tourn\u00e9e au printemps-\u00e9t\u00e9 2023. https:\/\/youtu.be\/TLCCDF3WSis Au milieu d&#039;un instrumentarium in\u00e9dit qui r\u00e9unit son trio actuel et quatre\" \/>\n<meta property=\"og:url\" content=\"https:\/\/www.ericseva.com\/projet\/adeo\/\" \/>\n<meta property=\"og:site_name\" content=\"\u00c9ric S\u00e9va\" \/>\n<meta property=\"article:publisher\" content=\"https:\/\/www.facebook.com\/EricSevaSaxophonisteCompositeur\/\" \/>\n<meta property=\"article:modified_time\" content=\"2022-10-22T18:28:38+00:00\" \/>\n<meta property=\"og:image\" content=\"https:\/\/www.ericseva.com\/wp-content\/uploads\/2022\/08\/Adeo_\u00a9_Sylvain_Gripoix.jpg\" \/>\n\t<meta property=\"og:image:width\" content=\"2000\" \/>\n\t<meta property=\"og:image:height\" content=\"2000\" \/>\n\t<meta property=\"og:image:type\" content=\"image\/jpeg\" \/>\n<meta name=\"twitter:card\" content=\"summary_large_image\" \/>\n<meta name=\"twitter:label1\" content=\"Est. reading time\" \/>\n\t<meta name=\"twitter:data1\" content=\"2 minutes\" \/>\n<script type=\"application\/ld+json\" class=\"yoast-schema-graph\">{\"@context\":\"https:\/\/schema.org\",\"@graph\":[{\"@type\":\"WebPage\",\"@id\":\"https:\/\/www.ericseva.com\/projet\/adeo\/\",\"url\":\"https:\/\/www.ericseva.com\/projet\/adeo\/\",\"name\":\"Adeo &#8211; \u00c9ric S\u00e9va : Saxophoniste et compositeur\",\"isPartOf\":{\"@id\":\"https:\/\/www.ericseva.com\/en\/#website\"},\"primaryImageOfPage\":{\"@id\":\"https:\/\/www.ericseva.com\/projet\/adeo\/#primaryimage\"},\"image\":{\"@id\":\"https:\/\/www.ericseva.com\/projet\/adeo\/#primaryimage\"},\"thumbnailUrl\":\"https:\/\/www.ericseva.com\/wp-content\/uploads\/2022\/08\/Adeo_\u00a9_Sylvain_Gripoix.jpg\",\"datePublished\":\"2022-08-27T19:43:06+00:00\",\"dateModified\":\"2022-10-22T18:28:38+00:00\",\"description\":\"Adeo sera en tourn\u00e9e au printemps-\u00e9t\u00e9 2023. https:\/\/youtu.be\/TLCCDF3WSis Au milieu d'un instrumentarium in\u00e9dit qui r\u00e9unit son trio actuel et quatre\",\"breadcrumb\":{\"@id\":\"https:\/\/www.ericseva.com\/projet\/adeo\/#breadcrumb\"},\"inLanguage\":\"en-US\",\"potentialAction\":[{\"@type\":\"ReadAction\",\"target\":[\"https:\/\/www.ericseva.com\/projet\/adeo\/\"]}]},{\"@type\":\"ImageObject\",\"inLanguage\":\"en-US\",\"@id\":\"https:\/\/www.ericseva.com\/projet\/adeo\/#primaryimage\",\"url\":\"https:\/\/www.ericseva.com\/wp-content\/uploads\/2022\/08\/Adeo_\u00a9_Sylvain_Gripoix.jpg\",\"contentUrl\":\"https:\/\/www.ericseva.com\/wp-content\/uploads\/2022\/08\/Adeo_\u00a9_Sylvain_Gripoix.jpg\",\"width\":2000,\"height\":2000,\"caption\":\"ADEO \u00a9 Sylvain Gripoix\"},{\"@type\":\"BreadcrumbList\",\"@id\":\"https:\/\/www.ericseva.com\/projet\/adeo\/#breadcrumb\",\"itemListElement\":[{\"@type\":\"ListItem\",\"position\":1,\"name\":\"Accueil\",\"item\":\"https:\/\/www.ericseva.com\/en\/\"},{\"@type\":\"ListItem\",\"position\":2,\"name\":\"Adeo\"}]},{\"@type\":\"WebSite\",\"@id\":\"https:\/\/www.ericseva.com\/en\/#website\",\"url\":\"https:\/\/www.ericseva.com\/en\/\",\"name\":\"\u00c9ric S\u00e9va\",\"description\":\"Saxophoniste et compositeur\",\"potentialAction\":[{\"@type\":\"SearchAction\",\"target\":{\"@type\":\"EntryPoint\",\"urlTemplate\":\"https:\/\/www.ericseva.com\/en\/?s={search_term_string}\"},\"query-input\":\"required name=search_term_string\"}],\"inLanguage\":\"en-US\"}]}<\/script>\n<!-- \/ Yoast SEO plugin. -->","yoast_head_json":{"title":"Adeo &#8211; \u00c9ric S\u00e9va : Saxophoniste et compositeur","description":"Adeo sera en tourn\u00e9e au printemps-\u00e9t\u00e9 2023. https:\/\/youtu.be\/TLCCDF3WSis Au milieu d'un instrumentarium in\u00e9dit qui r\u00e9unit son trio actuel et quatre","robots":{"index":"index","follow":"follow","max-snippet":"max-snippet:-1","max-image-preview":"max-image-preview:large","max-video-preview":"max-video-preview:-1"},"canonical":"https:\/\/www.ericseva.com\/projet\/adeo\/","og_locale":"en_US","og_type":"article","og_title":"Adeo &#8211; \u00c9ric S\u00e9va : Saxophoniste et compositeur","og_description":"Adeo sera en tourn\u00e9e au printemps-\u00e9t\u00e9 2023. https:\/\/youtu.be\/TLCCDF3WSis Au milieu d'un instrumentarium in\u00e9dit qui r\u00e9unit son trio actuel et quatre","og_url":"https:\/\/www.ericseva.com\/projet\/adeo\/","og_site_name":"\u00c9ric S\u00e9va","article_publisher":"https:\/\/www.facebook.com\/EricSevaSaxophonisteCompositeur\/","article_modified_time":"2022-10-22T18:28:38+00:00","og_image":[{"width":2000,"height":2000,"url":"https:\/\/www.ericseva.com\/wp-content\/uploads\/2022\/08\/Adeo_\u00a9_Sylvain_Gripoix.jpg","type":"image\/jpeg"}],"twitter_card":"summary_large_image","twitter_misc":{"Est. reading time":"2 minutes"},"schema":{"@context":"https:\/\/schema.org","@graph":[{"@type":"WebPage","@id":"https:\/\/www.ericseva.com\/projet\/adeo\/","url":"https:\/\/www.ericseva.com\/projet\/adeo\/","name":"Adeo &#8211; \u00c9ric S\u00e9va : Saxophoniste et compositeur","isPartOf":{"@id":"https:\/\/www.ericseva.com\/en\/#website"},"primaryImageOfPage":{"@id":"https:\/\/www.ericseva.com\/projet\/adeo\/#primaryimage"},"image":{"@id":"https:\/\/www.ericseva.com\/projet\/adeo\/#primaryimage"},"thumbnailUrl":"https:\/\/www.ericseva.com\/wp-content\/uploads\/2022\/08\/Adeo_\u00a9_Sylvain_Gripoix.jpg","datePublished":"2022-08-27T19:43:06+00:00","dateModified":"2022-10-22T18:28:38+00:00","description":"Adeo sera en tourn\u00e9e au printemps-\u00e9t\u00e9 2023. https:\/\/youtu.be\/TLCCDF3WSis Au milieu d'un instrumentarium in\u00e9dit qui r\u00e9unit son trio actuel et quatre","breadcrumb":{"@id":"https:\/\/www.ericseva.com\/projet\/adeo\/#breadcrumb"},"inLanguage":"en-US","potentialAction":[{"@type":"ReadAction","target":["https:\/\/www.ericseva.com\/projet\/adeo\/"]}]},{"@type":"ImageObject","inLanguage":"en-US","@id":"https:\/\/www.ericseva.com\/projet\/adeo\/#primaryimage","url":"https:\/\/www.ericseva.com\/wp-content\/uploads\/2022\/08\/Adeo_\u00a9_Sylvain_Gripoix.jpg","contentUrl":"https:\/\/www.ericseva.com\/wp-content\/uploads\/2022\/08\/Adeo_\u00a9_Sylvain_Gripoix.jpg","width":2000,"height":2000,"caption":"ADEO \u00a9 Sylvain Gripoix"},{"@type":"BreadcrumbList","@id":"https:\/\/www.ericseva.com\/projet\/adeo\/#breadcrumb","itemListElement":[{"@type":"ListItem","position":1,"name":"Accueil","item":"https:\/\/www.ericseva.com\/en\/"},{"@type":"ListItem","position":2,"name":"Adeo"}]},{"@type":"WebSite","@id":"https:\/\/www.ericseva.com\/en\/#website","url":"https:\/\/www.ericseva.com\/en\/","name":"\u00c9ric S\u00e9va","description":"Saxophoniste et compositeur","potentialAction":[{"@type":"SearchAction","target":{"@type":"EntryPoint","urlTemplate":"https:\/\/www.ericseva.com\/en\/?s={search_term_string}"},"query-input":"required name=search_term_string"}],"inLanguage":"en-US"}]}},"_links":{"self":[{"href":"https:\/\/www.ericseva.com\/en\/wp-json\/wp\/v2\/projet\/3116"}],"collection":[{"href":"https:\/\/www.ericseva.com\/en\/wp-json\/wp\/v2\/projet"}],"about":[{"href":"https:\/\/www.ericseva.com\/en\/wp-json\/wp\/v2\/types\/projet"}],"author":[{"embeddable":true,"href":"https:\/\/www.ericseva.com\/en\/wp-json\/wp\/v2\/users\/4"}],"version-history":[{"count":1,"href":"https:\/\/www.ericseva.com\/en\/wp-json\/wp\/v2\/projet\/3116\/revisions"}],"predecessor-version":[{"id":4092,"href":"https:\/\/www.ericseva.com\/en\/wp-json\/wp\/v2\/projet\/3116\/revisions\/4092"}],"wp:featuredmedia":[{"embeddable":true,"href":"https:\/\/www.ericseva.com\/en\/wp-json\/wp\/v2\/media\/3974"}],"wp:attachment":[{"href":"https:\/\/www.ericseva.com\/en\/wp-json\/wp\/v2\/media?parent=3116"}],"curies":[{"name":"wp","href":"https:\/\/api.w.org\/{rel}","templated":true}]}}