{"id":3234,"date":"2022-04-25T17:05:44","date_gmt":"2022-04-25T15:05:44","guid":{"rendered":"https:\/\/www.ericseva.com\/?post_type=tribe_events&#038;p=3234"},"modified":"2022-05-02T09:18:10","modified_gmt":"2022-05-02T07:18:10","slug":"duo-eric-seva-daniel-zimmermann-6","status":"publish","type":"tribe_events","link":"https:\/\/www.ericseva.com\/en\/evenement\/duo-eric-seva-daniel-zimmermann-6\/","title":{"rendered":"Duo \u00c9ric S\u00c9VA, Daniel ZIMMERMANN"},"content":{"rendered":"<div class=\"tribe-events-schedule tribe-clearfix\">\n\t<h2 class=\"tribe-events-schedule__datetime\">\n\t\t<span class=\"tribe-events-schedule__date tribe-events-schedule__date--start\">\n\t\t\t6 August 2022\t\t<\/span>\n\n\t\t\t\t\t<span class=\"tribe-events-schedule__separator tribe-events-schedule__separator--date\">\n\t\t\t\t \u2014 \t\t\t<\/span>\n\t\t\t<span class=\"tribe-events-schedule__time tribe-events-schedule__time--start\">\n\t\t\t\t20\u200ah\u200a30\t\t\t<\/span>\n\t\t\n\t\t\n\t\t\t\n\t\t\t\t\t\t<\/h2>\n<\/div>\n\n\n\n<ul><li>\u00c9ric S\u00e9va&nbsp;: saxophone baryton<\/li><li>Daniel Zimmermann&nbsp;: trombone<\/li><\/ul>\n\n\n<div  class=\"tribe-block tribe-block__event-price\" >\n\t\t<\/div>\n\n\n\n\n<div class=\"tribe-block tribe-block__venue tribe-block__venue--has-map\">\n\t\n\t\n<div class=\"tribe-block__venue__meta\">\n\t<div class=\"tribe-block__venue__name\">\n\t\t<i class=\"fa-regular fa-location-dot\"><\/i>&#8194;<h3>Treignac<\/h3>\n\t<\/div>\n\n\t\n\t\t\t<address class=\"tribe-block__venue__address\">\n\t\t\t<span class=\"tribe-address\">\n\n\n\t<span class=\"tribe-locality\">Treignac<\/span><span class=\"tribe-delimiter\">,<\/span>\n\n\n\t<span class=\"tribe-postal-code\">19260<\/span>\n\n\t<span class=\"tribe-country-name\">France<\/span>\n\n<\/span>\n\n\t\t\t\t\t\t\t<a href=\"https:\/\/maps.google.com\/maps?f=q&#038;source=s_q&#038;hl=en&#038;geocode=&#038;q=Treignac+19260+France\" target=\"new\" class=\"btn\">View in Google Maps<\/a>\n\t\t\t\t\t<\/address>\n\t\n\t\n\t  <i class=\"fa-regular fa-link\"><\/i>&#8194;<span class=\"tribe-block__venue__website\"><a href=\"https:\/\/mairietreignac.fr\/\" target=\"_self\" rel=\"external\">View Venue Website<\/a><\/span><br \/>\n  \t\n\t<\/div>\n\t\n<div class=\"tribe-block__venue__map\">\n\t\n<iframe\n  title=\"Google maps iframe displaying the address to Treignac\"\n  aria-label=\"Venue location map\"\n  width=\"310px\"\n  height=\"256px\"\n  frameborder=\"0\" style=\"border:0\"\n  src=\"https:\/\/www.google.com\/maps\/embed\/v1\/place?key=AIzaSyDNsicAsP6-VuGtAb1O9riI3oc_NOb7IOU&#038;q=Treignac+19260+France+&#038;zoom=10\" allowfullscreen>\n<\/iframe>\n<\/div>\n\n\t<\/div>\n\n\n\n\n\t<div  class=\"tribe-block tribe-block__events-link\" >\n\t\t<div class=\"tribe-events tribe-common\">\n\t\t\t<div class=\"tribe-events-c-subscribe-dropdown__container\">\n\t\t\t\t<div class=\"tribe-events-c-subscribe-dropdown\">\n\t\t\t\t\t<div class=\"tribe-common-c-btn-border tribe-events-c-subscribe-dropdown__button\">\n\t\t\t\t\t\t<svg  class=\"tribe-common-c-svgicon tribe-common-c-svgicon--cal-export tribe-events-c-subscribe-dropdown__export-icon\"  viewBox=\"0 0 23 17\" xmlns=\"http:\/\/www.w3.org\/2000\/svg\">\n  <path fill-rule=\"evenodd\" clip-rule=\"evenodd\" d=\"M.128.896V16.13c0 .211.145.383.323.383h15.354c.179 0 .323-.172.323-.383V.896c0-.212-.144-.383-.323-.383H.451C.273.513.128.684.128.896Zm16 6.742h-.901V4.679H1.009v10.729h14.218v-3.336h.901V7.638ZM1.01 1.614h14.218v2.058H1.009V1.614Z\" \/>\n  <path d=\"M20.5 9.846H8.312M18.524 6.953l2.89 2.909-2.855 2.855\" stroke-width=\"1.2\" stroke-linecap=\"round\" stroke-linejoin=\"round\"\/>\n<\/svg>\n\t\t\t\t\t\t<button\n\t\t\t\t\t\t\tclass=\"tribe-events-c-subscribe-dropdown__button-text\"\n\t\t\t\t\t\t\taria-expanded=\"false\"\n\t\t\t\t\t\t\taria-controls=\"tribe-events-subscribe-dropdown-content\"\n\t\t\t\t\t\t\taria-label=\"\"\n\t\t\t\t\t\t>\n\t\t\t\t\t\t\tAdd to calendar\t\t\t\t\t\t<\/button>\n\t\t\t\t\t\t<svg  class=\"tribe-common-c-svgicon tribe-common-c-svgicon--caret-down tribe-events-c-subscribe-dropdown__button-icon\"  viewBox=\"0 0 10 7\" xmlns=\"http:\/\/www.w3.org\/2000\/svg\" aria-hidden=\"true\"><path fill-rule=\"evenodd\" clip-rule=\"evenodd\" d=\"M1.008.609L5 4.6 8.992.61l.958.958L5 6.517.05 1.566l.958-.958z\" class=\"tribe-common-c-svgicon__svg-fill\"\/><\/svg>\n\t\t\t\t\t<\/div>\n\t\t\t\t\t<div id=\"tribe-events-subscribe-dropdown-content\" class=\"tribe-events-c-subscribe-dropdown__content\">\n\t\t\t\t\t\t<ul class=\"tribe-events-c-subscribe-dropdown__list\">\n\t\t\t\t\t\t\t\t\t\t\t\t\t\t\t<li class=\"tribe-events-c-subscribe-dropdown__list-item\">\n\t\t\t\t\t\t\t\t\t<a\n\t\t\t\t\t\t\t\t\t\thref=\"https:\/\/www.google.com\/calendar\/event?action=TEMPLATE&#038;dates=20220806T203000\/20220806T223000&#038;text=Duo%20%C3%89ric%20S%C3%89VA%2C%20Daniel%20ZIMMERMANN&#038;details=%3Cul%3E%3Cli%3E%C3%89ric+S%C3%A9va%26nbsp%3B%3A+saxophone+baryton%3C%2Fli%3E%3Cli%3EDaniel+Zimmermann%26nbsp%3B%3A+trombone%3C%2Fli%3E%3C%2Ful%3E&#038;location=Treignac,%20Treignac,%2019260,%20France&#038;trp=false&#038;ctz=Europe\/Paris&#038;sprop=website:https:\/\/www.ericseva.com\/en\/\"\n\t\t\t\t\t\t\t\t\t\tclass=\"tribe-events-c-subscribe-dropdown__list-item-link\"\n\t\t\t\t\t\t\t\t\t\ttarget=\"_blank\"\n\t\t\t\t\t\t\t\t\t\trel=\"noopener noreferrer nofollow noindex\"\n\t\t\t\t\t\t\t\t\t>\n\t\t\t\t\t\t\t\t\t\tGoogle Calendar\t\t\t\t\t\t\t\t\t<\/a>\n\t\t\t\t\t\t\t\t<\/li>\n\t\t\t\t\t\t\t\t\t\t\t\t\t\t\t<li class=\"tribe-events-c-subscribe-dropdown__list-item\">\n\t\t\t\t\t\t\t\t\t<a\n\t\t\t\t\t\t\t\t\t\thref=\"\"\n\t\t\t\t\t\t\t\t\t\tclass=\"tribe-events-c-subscribe-dropdown__list-item-link\"\n\t\t\t\t\t\t\t\t\t\ttarget=\"_blank\"\n\t\t\t\t\t\t\t\t\t\trel=\"noopener noreferrer nofollow noindex\"\n\t\t\t\t\t\t\t\t\t>\n\t\t\t\t\t\t\t\t\t\tiCalendar\t\t\t\t\t\t\t\t\t<\/a>\n\t\t\t\t\t\t\t\t<\/li>\n\t\t\t\t\t\t\t\t\t\t\t\t\t\t\t<li class=\"tribe-events-c-subscribe-dropdown__list-item\">\n\t\t\t\t\t\t\t\t\t<a\n\t\t\t\t\t\t\t\t\t\thref=\"\"\n\t\t\t\t\t\t\t\t\t\tclass=\"tribe-events-c-subscribe-dropdown__list-item-link\"\n\t\t\t\t\t\t\t\t\t\ttarget=\"_blank\"\n\t\t\t\t\t\t\t\t\t\trel=\"noopener noreferrer nofollow noindex\"\n\t\t\t\t\t\t\t\t\t>\n\t\t\t\t\t\t\t\t\t\tOutlook 365\t\t\t\t\t\t\t\t\t<\/a>\n\t\t\t\t\t\t\t\t<\/li>\n\t\t\t\t\t\t\t\t\t\t\t\t\t\t\t<li class=\"tribe-events-c-subscribe-dropdown__list-item\">\n\t\t\t\t\t\t\t\t\t<a\n\t\t\t\t\t\t\t\t\t\thref=\"\"\n\t\t\t\t\t\t\t\t\t\tclass=\"tribe-events-c-subscribe-dropdown__list-item-link\"\n\t\t\t\t\t\t\t\t\t\ttarget=\"_blank\"\n\t\t\t\t\t\t\t\t\t\trel=\"noopener noreferrer nofollow noindex\"\n\t\t\t\t\t\t\t\t\t>\n\t\t\t\t\t\t\t\t\t\tOutlook Live\t\t\t\t\t\t\t\t\t<\/a>\n\t\t\t\t\t\t\t\t<\/li>\n\t\t\t\t\t\t\t\t\t\t\t\t\t<\/ul>\n\t\t\t\t\t<\/div>\n\t\t\t\t<\/div>\n\t\t\t<\/div>\n\t\t<\/div>\n\t<\/div>\n\n","protected":false},"excerpt":{"rendered":"<p>\u00c9ric S\u00e9va&nbsp;: saxophone baryton Daniel Zimmermann&nbsp;: trombone<\/p>\n","protected":false},"author":4,"featured_media":0,"template":"","meta":{"_EventAllDay":false,"_EventTimezone":"Europe\/Paris","_EventStartDate":"2022-08-06 20:30:00","_EventEndDate":"2022-08-06 22:30:00","_EventStartDateUTC":"2022-08-06 18:30:00","_EventEndDateUTC":"2022-08-06 20:30:00","_EventShowMap":true,"_EventShowMapLink":true,"_EventURL":"","_EventCost":"","_EventCostDescription":"","_EventCurrencySymbol":"\u00a0\u20ac","_EventCurrencyCode":"EUR","_EventCurrencyPosition":"suffix","_EventDateTimeSeparator":" \u2014 ","_EventTimeRangeSeparator":"\u00a0\u00e0\u00a0","_EventOrganizerID":[],"_EventVenueID":[3323],"_OrganizerEmail":"","_OrganizerPhone":"","_OrganizerWebsite":"","_VenueAddress":"","_VenueCity":"","_VenueCountry":"","_VenueProvince":"","_VenueState":"","_VenueZip":"","_VenuePhone":"","_VenueURL":"","_VenueStateProvince":"","_VenueLat":"","_VenueLng":"","_VenueShowMap":false,"_VenueShowMapLink":false,"_tribe_events_status":"","_tribe_events_status_reason":""},"tags":[],"tribe_events_cat":[],"yoast_head":"<!-- This site is optimized with the Yoast SEO plugin v22.6 - https:\/\/yoast.com\/wordpress\/plugins\/seo\/ -->\n<title>Duo \u00c9ric S\u00c9VA, Daniel ZIMMERMANN &#8211; \u00c9ric S\u00e9va<\/title>\n<meta name=\"description\" content=\"\u00c9ric S\u00e9va&nbsp;: saxophone barytonDaniel Zimmermann&nbsp;: trombone\" \/>\n<meta name=\"robots\" content=\"index, follow, max-snippet:-1, max-image-preview:large, max-video-preview:-1\" \/>\n<link rel=\"canonical\" href=\"https:\/\/www.ericseva.com\/evenement\/duo-eric-seva-daniel-zimmermann-6\/\" \/>\n<meta property=\"og:locale\" content=\"en_US\" \/>\n<meta property=\"og:type\" content=\"article\" \/>\n<meta property=\"og:title\" content=\"Duo \u00c9ric S\u00c9VA, Daniel ZIMMERMANN &#8211; \u00c9ric S\u00e9va\" \/>\n<meta property=\"og:description\" content=\"\u00c9ric S\u00e9va&nbsp;: saxophone barytonDaniel Zimmermann&nbsp;: trombone\" \/>\n<meta property=\"og:url\" content=\"https:\/\/www.ericseva.com\/evenement\/duo-eric-seva-daniel-zimmermann-6\/\" \/>\n<meta property=\"og:site_name\" content=\"\u00c9ric S\u00e9va\" \/>\n<meta property=\"article:publisher\" content=\"https:\/\/www.facebook.com\/EricSevaSaxophonisteCompositeur\/\" \/>\n<meta property=\"article:modified_time\" content=\"2022-05-02T07:18:10+00:00\" \/>\n<meta name=\"twitter:card\" content=\"summary_large_image\" \/>\n<meta name=\"twitter:label1\" content=\"Est. reading time\" \/>\n\t<meta name=\"twitter:data1\" content=\"1 minute\" \/>\n<script type=\"application\/ld+json\" class=\"yoast-schema-graph\">{\"@context\":\"https:\/\/schema.org\",\"@graph\":[{\"@type\":\"WebPage\",\"@id\":\"https:\/\/www.ericseva.com\/evenement\/duo-eric-seva-daniel-zimmermann-6\/\",\"url\":\"https:\/\/www.ericseva.com\/evenement\/duo-eric-seva-daniel-zimmermann-6\/\",\"name\":\"Duo \u00c9ric S\u00c9VA, Daniel ZIMMERMANN &#8211; \u00c9ric S\u00e9va\",\"isPartOf\":{\"@id\":\"https:\/\/www.ericseva.com\/en\/#website\"},\"datePublished\":\"2022-04-25T15:05:44+00:00\",\"dateModified\":\"2022-05-02T07:18:10+00:00\",\"description\":\"\u00c9ric S\u00e9va&nbsp;: saxophone barytonDaniel Zimmermann&nbsp;: trombone\",\"breadcrumb\":{\"@id\":\"https:\/\/www.ericseva.com\/evenement\/duo-eric-seva-daniel-zimmermann-6\/#breadcrumb\"},\"inLanguage\":\"en-US\",\"potentialAction\":[{\"@type\":\"ReadAction\",\"target\":[\"https:\/\/www.ericseva.com\/evenement\/duo-eric-seva-daniel-zimmermann-6\/\"]}]},{\"@type\":\"BreadcrumbList\",\"@id\":\"https:\/\/www.ericseva.com\/evenement\/duo-eric-seva-daniel-zimmermann-6\/#breadcrumb\",\"itemListElement\":[{\"@type\":\"ListItem\",\"position\":1,\"name\":\"Accueil\",\"item\":\"https:\/\/www.ericseva.com\/en\/\"},{\"@type\":\"ListItem\",\"position\":2,\"name\":\"\u00c9v\u00e8nements\",\"item\":\"https:\/\/www.ericseva.com\/evenements\/\"},{\"@type\":\"ListItem\",\"position\":3,\"name\":\"Duo \u00c9ric S\u00c9VA, Daniel ZIMMERMANN\"}]},{\"@type\":\"WebSite\",\"@id\":\"https:\/\/www.ericseva.com\/en\/#website\",\"url\":\"https:\/\/www.ericseva.com\/en\/\",\"name\":\"\u00c9ric S\u00e9va\",\"description\":\"Saxophoniste et compositeur\",\"potentialAction\":[{\"@type\":\"SearchAction\",\"target\":{\"@type\":\"EntryPoint\",\"urlTemplate\":\"https:\/\/www.ericseva.com\/en\/?s={search_term_string}\"},\"query-input\":\"required name=search_term_string\"}],\"inLanguage\":\"en-US\"}]}<\/script>\n<!-- \/ Yoast SEO plugin. -->","yoast_head_json":{"title":"Duo \u00c9ric S\u00c9VA, Daniel ZIMMERMANN &#8211; \u00c9ric S\u00e9va","description":"\u00c9ric S\u00e9va&nbsp;: saxophone barytonDaniel Zimmermann&nbsp;: trombone","robots":{"index":"index","follow":"follow","max-snippet":"max-snippet:-1","max-image-preview":"max-image-preview:large","max-video-preview":"max-video-preview:-1"},"canonical":"https:\/\/www.ericseva.com\/evenement\/duo-eric-seva-daniel-zimmermann-6\/","og_locale":"en_US","og_type":"article","og_title":"Duo \u00c9ric S\u00c9VA, Daniel ZIMMERMANN &#8211; \u00c9ric S\u00e9va","og_description":"\u00c9ric S\u00e9va&nbsp;: saxophone barytonDaniel Zimmermann&nbsp;: trombone","og_url":"https:\/\/www.ericseva.com\/evenement\/duo-eric-seva-daniel-zimmermann-6\/","og_site_name":"\u00c9ric S\u00e9va","article_publisher":"https:\/\/www.facebook.com\/EricSevaSaxophonisteCompositeur\/","article_modified_time":"2022-05-02T07:18:10+00:00","twitter_card":"summary_large_image","twitter_misc":{"Est. reading time":"1 minute"},"schema":{"@context":"https:\/\/schema.org","@graph":[{"@type":"WebPage","@id":"https:\/\/www.ericseva.com\/evenement\/duo-eric-seva-daniel-zimmermann-6\/","url":"https:\/\/www.ericseva.com\/evenement\/duo-eric-seva-daniel-zimmermann-6\/","name":"Duo \u00c9ric S\u00c9VA, Daniel ZIMMERMANN &#8211; \u00c9ric S\u00e9va","isPartOf":{"@id":"https:\/\/www.ericseva.com\/en\/#website"},"datePublished":"2022-04-25T15:05:44+00:00","dateModified":"2022-05-02T07:18:10+00:00","description":"\u00c9ric S\u00e9va&nbsp;: saxophone barytonDaniel Zimmermann&nbsp;: trombone","breadcrumb":{"@id":"https:\/\/www.ericseva.com\/evenement\/duo-eric-seva-daniel-zimmermann-6\/#breadcrumb"},"inLanguage":"en-US","potentialAction":[{"@type":"ReadAction","target":["https:\/\/www.ericseva.com\/evenement\/duo-eric-seva-daniel-zimmermann-6\/"]}]},{"@type":"BreadcrumbList","@id":"https:\/\/www.ericseva.com\/evenement\/duo-eric-seva-daniel-zimmermann-6\/#breadcrumb","itemListElement":[{"@type":"ListItem","position":1,"name":"Accueil","item":"https:\/\/www.ericseva.com\/en\/"},{"@type":"ListItem","position":2,"name":"\u00c9v\u00e8nements","item":"https:\/\/www.ericseva.com\/evenements\/"},{"@type":"ListItem","position":3,"name":"Duo \u00c9ric S\u00c9VA, Daniel ZIMMERMANN"}]},{"@type":"WebSite","@id":"https:\/\/www.ericseva.com\/en\/#website","url":"https:\/\/www.ericseva.com\/en\/","name":"\u00c9ric S\u00e9va","description":"Saxophoniste et compositeur","potentialAction":[{"@type":"SearchAction","target":{"@type":"EntryPoint","urlTemplate":"https:\/\/www.ericseva.com\/en\/?s={search_term_string}"},"query-input":"required name=search_term_string"}],"inLanguage":"en-US"}]}},"_links":{"self":[{"href":"https:\/\/www.ericseva.com\/en\/wp-json\/wp\/v2\/tribe_events\/3234"}],"collection":[{"href":"https:\/\/www.ericseva.com\/en\/wp-json\/wp\/v2\/tribe_events"}],"about":[{"href":"https:\/\/www.ericseva.com\/en\/wp-json\/wp\/v2\/types\/tribe_events"}],"author":[{"embeddable":true,"href":"https:\/\/www.ericseva.com\/en\/wp-json\/wp\/v2\/users\/4"}],"version-history":[{"count":1,"href":"https:\/\/www.ericseva.com\/en\/wp-json\/wp\/v2\/tribe_events\/3234\/revisions"}],"predecessor-version":[{"id":3322,"href":"https:\/\/www.ericseva.com\/en\/wp-json\/wp\/v2\/tribe_events\/3234\/revisions\/3322"}],"wp:attachment":[{"href":"https:\/\/www.ericseva.com\/en\/wp-json\/wp\/v2\/media?parent=3234"}],"wp:term":[{"taxonomy":"post_tag","embeddable":true,"href":"https:\/\/www.ericseva.com\/en\/wp-json\/wp\/v2\/tags?post=3234"},{"taxonomy":"tribe_events_cat","embeddable":true,"href":"https:\/\/www.ericseva.com\/en\/wp-json\/wp\/v2\/tribe_events_cat?post=3234"}],"curies":[{"name":"wp","href":"https:\/\/api.w.org\/{rel}","templated":true}]}}