{"id":3847,"date":"2020-08-07T00:00:00","date_gmt":"2020-08-06T22:00:00","guid":{"rendered":"https:\/\/www.ericseva.com\/evenement\/festival-du-perigord-pourpre-lete-musical-en-bergerac\/"},"modified":"2020-08-07T00:00:00","modified_gmt":"2020-08-06T22:00:00","slug":"festival-du-perigord-pourpre-lete-musical-en-bergerac","status":"publish","type":"tribe_events","link":"https:\/\/www.ericseva.com\/en\/evenement\/festival-du-perigord-pourpre-lete-musical-en-bergerac\/","title":{"rendered":"Festival du P\u00e9rigord Pourpre, l&#8217;\u00e9t\u00e9 musical en Bergerac"},"content":{"rendered":"<p><b>Mother of Pearl quintet<\/b><\/p>\n<ul>\n<li>Eric S\u00c9VA \u2013 compositions, saxophones baryton, soprano<\/li>\n<li>Daniel MILLE \u2013 accord\u00e9on<\/li>\n<li>Alfio ORIGLIO \u2013 piano, fender rhodes<\/li>\n<li>Christophe WALLEMME \u2013 contrebasse<\/li>\n<li>Zaza DESIDERIO \u2013 batterie, percussions<\/li>\n<\/ul>\n<p><a href=\"http:\/\/www.festivalbergerac.com\/profile\/eric-seva-quintet\">www.festivalbergerac.com\/profile\/eric-seva-quintet<\/a><\/p>\n","protected":false},"excerpt":{"rendered":"<p>Mother of Pearl quintet Eric S\u00c9VA \u2013 compositions, saxophones baryton, soprano Daniel MILLE \u2013 accord\u00e9on Alfio ORIGLIO \u2013 piano, fender rhodes Christophe WALLEMME \u2013 contrebasse Zaza DESIDERIO \u2013 batterie, percussions www.festivalbergerac.com\/profile\/eric-seva-quintet<\/p>\n","protected":false},"author":4,"featured_media":0,"template":"","meta":{"_EventAllDay":true,"_EventTimezone":"Europe\/Paris","_EventStartDate":"2020-08-07 00:00:00","_EventEndDate":"2020-08-07 00:00:00","_EventStartDateUTC":"2020-08-06 22:00:00","_EventEndDateUTC":"2020-08-06 22:00:00","_EventShowMap":true,"_EventShowMapLink":true,"_EventURL":"","_EventCost":"","_EventCostDescription":"","_EventCurrencySymbol":"\u00a0\u20ac","_EventCurrencyCode":"EUR","_EventCurrencyPosition":"","_EventDateTimeSeparator":"\u00e0","_EventTimeRangeSeparator":"\u2013","_EventOrganizerID":[],"_EventVenueID":[],"_OrganizerEmail":"","_OrganizerPhone":"","_OrganizerWebsite":"","_VenueAddress":"","_VenueCity":"Biron (24)","_VenueCountry":"France","_VenueProvince":"","_VenueState":"","_VenueZip":"","_VenuePhone":"","_VenueURL":"","_VenueStateProvince":"","_VenueLat":"","_VenueLng":"","_VenueShowMap":false,"_VenueShowMapLink":false,"_tribe_events_status":"","_tribe_events_status_reason":""},"tags":[],"tribe_events_cat":[],"yoast_head":"<!-- This site is optimized with the Yoast SEO plugin v22.6 - https:\/\/yoast.com\/wordpress\/plugins\/seo\/ -->\n<title>Festival du P\u00e9rigord Pourpre, l&#039;\u00e9t\u00e9 musical en Bergerac &#8211; \u00c9ric S\u00e9va<\/title>\n<meta name=\"description\" content=\"Mother of Pearl quintet Eric S\u00c9VA \u2013 compositions, saxophones baryton, soprano Daniel MILLE \u2013 accord\u00e9on Alfio ORIGLIO \u2013 piano, fender rhodes Christophe\" \/>\n<meta name=\"robots\" content=\"index, follow, max-snippet:-1, max-image-preview:large, max-video-preview:-1\" \/>\n<link rel=\"canonical\" href=\"https:\/\/www.ericseva.com\/evenement\/festival-du-perigord-pourpre-lete-musical-en-bergerac\/\" \/>\n<meta property=\"og:locale\" content=\"en_US\" \/>\n<meta property=\"og:type\" content=\"article\" \/>\n<meta property=\"og:title\" content=\"Festival du P\u00e9rigord Pourpre, l&#039;\u00e9t\u00e9 musical en Bergerac &#8211; \u00c9ric S\u00e9va\" \/>\n<meta property=\"og:description\" content=\"Mother of Pearl quintet Eric S\u00c9VA \u2013 compositions, saxophones baryton, soprano Daniel MILLE \u2013 accord\u00e9on Alfio ORIGLIO \u2013 piano, fender rhodes Christophe\" \/>\n<meta property=\"og:url\" content=\"https:\/\/www.ericseva.com\/evenement\/festival-du-perigord-pourpre-lete-musical-en-bergerac\/\" \/>\n<meta property=\"og:site_name\" content=\"\u00c9ric S\u00e9va\" \/>\n<meta property=\"article:publisher\" content=\"https:\/\/www.facebook.com\/EricSevaSaxophonisteCompositeur\/\" \/>\n<meta name=\"twitter:card\" content=\"summary_large_image\" \/>\n<script type=\"application\/ld+json\" class=\"yoast-schema-graph\">{\"@context\":\"https:\/\/schema.org\",\"@graph\":[{\"@type\":\"WebPage\",\"@id\":\"https:\/\/www.ericseva.com\/evenement\/festival-du-perigord-pourpre-lete-musical-en-bergerac\/\",\"url\":\"https:\/\/www.ericseva.com\/evenement\/festival-du-perigord-pourpre-lete-musical-en-bergerac\/\",\"name\":\"Festival du P\u00e9rigord Pourpre, l'\u00e9t\u00e9 musical en Bergerac &#8211; \u00c9ric S\u00e9va\",\"isPartOf\":{\"@id\":\"https:\/\/www.ericseva.com\/en\/#website\"},\"datePublished\":\"2020-08-06T22:00:00+00:00\",\"dateModified\":\"2020-08-06T22:00:00+00:00\",\"description\":\"Mother of Pearl quintet Eric S\u00c9VA \u2013 compositions, saxophones baryton, soprano Daniel MILLE \u2013 accord\u00e9on Alfio ORIGLIO \u2013 piano, fender rhodes Christophe\",\"breadcrumb\":{\"@id\":\"https:\/\/www.ericseva.com\/evenement\/festival-du-perigord-pourpre-lete-musical-en-bergerac\/#breadcrumb\"},\"inLanguage\":\"en-US\",\"potentialAction\":[{\"@type\":\"ReadAction\",\"target\":[\"https:\/\/www.ericseva.com\/evenement\/festival-du-perigord-pourpre-lete-musical-en-bergerac\/\"]}]},{\"@type\":\"BreadcrumbList\",\"@id\":\"https:\/\/www.ericseva.com\/evenement\/festival-du-perigord-pourpre-lete-musical-en-bergerac\/#breadcrumb\",\"itemListElement\":[{\"@type\":\"ListItem\",\"position\":1,\"name\":\"Accueil\",\"item\":\"https:\/\/www.ericseva.com\/en\/\"},{\"@type\":\"ListItem\",\"position\":2,\"name\":\"\u00c9v\u00e8nements\",\"item\":\"https:\/\/www.ericseva.com\/evenements\/\"},{\"@type\":\"ListItem\",\"position\":3,\"name\":\"Festival du P\u00e9rigord Pourpre, l&rsquo;\u00e9t\u00e9 musical en Bergerac\"}]},{\"@type\":\"WebSite\",\"@id\":\"https:\/\/www.ericseva.com\/en\/#website\",\"url\":\"https:\/\/www.ericseva.com\/en\/\",\"name\":\"\u00c9ric S\u00e9va\",\"description\":\"Saxophoniste et compositeur\",\"potentialAction\":[{\"@type\":\"SearchAction\",\"target\":{\"@type\":\"EntryPoint\",\"urlTemplate\":\"https:\/\/www.ericseva.com\/en\/?s={search_term_string}\"},\"query-input\":\"required name=search_term_string\"}],\"inLanguage\":\"en-US\"}]}<\/script>\n<!-- \/ Yoast SEO plugin. -->","yoast_head_json":{"title":"Festival du P\u00e9rigord Pourpre, l'\u00e9t\u00e9 musical en Bergerac &#8211; \u00c9ric S\u00e9va","description":"Mother of Pearl quintet Eric S\u00c9VA \u2013 compositions, saxophones baryton, soprano Daniel MILLE \u2013 accord\u00e9on Alfio ORIGLIO \u2013 piano, fender rhodes Christophe","robots":{"index":"index","follow":"follow","max-snippet":"max-snippet:-1","max-image-preview":"max-image-preview:large","max-video-preview":"max-video-preview:-1"},"canonical":"https:\/\/www.ericseva.com\/evenement\/festival-du-perigord-pourpre-lete-musical-en-bergerac\/","og_locale":"en_US","og_type":"article","og_title":"Festival du P\u00e9rigord Pourpre, l'\u00e9t\u00e9 musical en Bergerac &#8211; \u00c9ric S\u00e9va","og_description":"Mother of Pearl quintet Eric S\u00c9VA \u2013 compositions, saxophones baryton, soprano Daniel MILLE \u2013 accord\u00e9on Alfio ORIGLIO \u2013 piano, fender rhodes Christophe","og_url":"https:\/\/www.ericseva.com\/evenement\/festival-du-perigord-pourpre-lete-musical-en-bergerac\/","og_site_name":"\u00c9ric S\u00e9va","article_publisher":"https:\/\/www.facebook.com\/EricSevaSaxophonisteCompositeur\/","twitter_card":"summary_large_image","schema":{"@context":"https:\/\/schema.org","@graph":[{"@type":"WebPage","@id":"https:\/\/www.ericseva.com\/evenement\/festival-du-perigord-pourpre-lete-musical-en-bergerac\/","url":"https:\/\/www.ericseva.com\/evenement\/festival-du-perigord-pourpre-lete-musical-en-bergerac\/","name":"Festival du P\u00e9rigord Pourpre, l'\u00e9t\u00e9 musical en Bergerac &#8211; \u00c9ric S\u00e9va","isPartOf":{"@id":"https:\/\/www.ericseva.com\/en\/#website"},"datePublished":"2020-08-06T22:00:00+00:00","dateModified":"2020-08-06T22:00:00+00:00","description":"Mother of Pearl quintet Eric S\u00c9VA \u2013 compositions, saxophones baryton, soprano Daniel MILLE \u2013 accord\u00e9on Alfio ORIGLIO \u2013 piano, fender rhodes Christophe","breadcrumb":{"@id":"https:\/\/www.ericseva.com\/evenement\/festival-du-perigord-pourpre-lete-musical-en-bergerac\/#breadcrumb"},"inLanguage":"en-US","potentialAction":[{"@type":"ReadAction","target":["https:\/\/www.ericseva.com\/evenement\/festival-du-perigord-pourpre-lete-musical-en-bergerac\/"]}]},{"@type":"BreadcrumbList","@id":"https:\/\/www.ericseva.com\/evenement\/festival-du-perigord-pourpre-lete-musical-en-bergerac\/#breadcrumb","itemListElement":[{"@type":"ListItem","position":1,"name":"Accueil","item":"https:\/\/www.ericseva.com\/en\/"},{"@type":"ListItem","position":2,"name":"\u00c9v\u00e8nements","item":"https:\/\/www.ericseva.com\/evenements\/"},{"@type":"ListItem","position":3,"name":"Festival du P\u00e9rigord Pourpre, l&rsquo;\u00e9t\u00e9 musical en Bergerac"}]},{"@type":"WebSite","@id":"https:\/\/www.ericseva.com\/en\/#website","url":"https:\/\/www.ericseva.com\/en\/","name":"\u00c9ric S\u00e9va","description":"Saxophoniste et compositeur","potentialAction":[{"@type":"SearchAction","target":{"@type":"EntryPoint","urlTemplate":"https:\/\/www.ericseva.com\/en\/?s={search_term_string}"},"query-input":"required name=search_term_string"}],"inLanguage":"en-US"}]}},"_links":{"self":[{"href":"https:\/\/www.ericseva.com\/en\/wp-json\/wp\/v2\/tribe_events\/3847"}],"collection":[{"href":"https:\/\/www.ericseva.com\/en\/wp-json\/wp\/v2\/tribe_events"}],"about":[{"href":"https:\/\/www.ericseva.com\/en\/wp-json\/wp\/v2\/types\/tribe_events"}],"author":[{"embeddable":true,"href":"https:\/\/www.ericseva.com\/en\/wp-json\/wp\/v2\/users\/4"}],"version-history":[{"count":0,"href":"https:\/\/www.ericseva.com\/en\/wp-json\/wp\/v2\/tribe_events\/3847\/revisions"}],"wp:attachment":[{"href":"https:\/\/www.ericseva.com\/en\/wp-json\/wp\/v2\/media?parent=3847"}],"wp:term":[{"taxonomy":"post_tag","embeddable":true,"href":"https:\/\/www.ericseva.com\/en\/wp-json\/wp\/v2\/tags?post=3847"},{"taxonomy":"tribe_events_cat","embeddable":true,"href":"https:\/\/www.ericseva.com\/en\/wp-json\/wp\/v2\/tribe_events_cat?post=3847"}],"curies":[{"name":"wp","href":"https:\/\/api.w.org\/{rel}","templated":true}]}}