{"id":3854,"date":"2020-10-04T00:00:00","date_gmt":"2020-10-03T22:00:00","guid":{"rendered":"https:\/\/www.ericseva.com\/evenement\/16-edition-du-g-a-m-jazz-festival\/"},"modified":"2020-10-04T00:00:00","modified_gmt":"2020-10-03T22:00:00","slug":"16-edition-du-g-a-m-jazz-festival","status":"publish","type":"tribe_events","link":"https:\/\/www.ericseva.com\/en\/evenement\/16-edition-du-g-a-m-jazz-festival\/","title":{"rendered":"16\u00b0 \u00e9dition du G.A.M. Jazz Festival"},"content":{"rendered":"<p class=\"LC20lb DKV0Md\"><strong>La Vence Sc\u00e8ne &#8211; Saint-Egr\u00e8ve<\/strong><\/p>\n<p><b>Mother of Pearl quintet<\/b><\/p>\n<ul>\n<li>Eric S\u00c9VA \u2013 compositions, saxophones baryton, soprano<\/li>\n<li>Daniel MILLE \u2013 accord\u00e9on<\/li>\n<li>Alfio ORIGLIO \u2013 piano, fender rhodes<\/li>\n<li>Christophe WALLEMME \u2013 contrebasse<\/li>\n<li>Zaza DESIDERIO \u2013 batterie, percussions<\/li>\n<\/ul>\n","protected":false},"excerpt":{"rendered":"<p>La Vence Sc\u00e8ne &#8211; Saint-Egr\u00e8ve Mother of Pearl quintet Eric S\u00c9VA \u2013 compositions, saxophones baryton, soprano Daniel MILLE \u2013 accord\u00e9on Alfio ORIGLIO \u2013 piano, fender rhodes Christophe WALLEMME \u2013 contrebasse Zaza DESIDERIO \u2013 batterie, percussions<\/p>\n","protected":false},"author":4,"featured_media":0,"template":"","meta":{"_EventAllDay":true,"_EventTimezone":"Europe\/Paris","_EventStartDate":"2020-10-04 00:00:00","_EventEndDate":"2020-10-04 00:00:00","_EventStartDateUTC":"2020-10-03 22:00:00","_EventEndDateUTC":"2020-10-03 22:00:00","_EventShowMap":true,"_EventShowMapLink":true,"_EventURL":"","_EventCost":"","_EventCostDescription":"","_EventCurrencySymbol":"\u00a0\u20ac","_EventCurrencyCode":"EUR","_EventCurrencyPosition":"","_EventDateTimeSeparator":"\u00e0","_EventTimeRangeSeparator":"\u2013","_EventOrganizerID":[],"_EventVenueID":[],"_OrganizerEmail":"","_OrganizerPhone":"","_OrganizerWebsite":"","_VenueAddress":"","_VenueCity":"Jazz Club de Grenoble (38)","_VenueCountry":"France","_VenueProvince":"","_VenueState":"","_VenueZip":"","_VenuePhone":"","_VenueURL":"","_VenueStateProvince":"","_VenueLat":"","_VenueLng":"","_VenueShowMap":false,"_VenueShowMapLink":false,"_tribe_events_status":"","_tribe_events_status_reason":""},"tags":[],"tribe_events_cat":[],"yoast_head":"<!-- This site is optimized with the Yoast SEO plugin v22.6 - https:\/\/yoast.com\/wordpress\/plugins\/seo\/ -->\n<title>16\u00b0 \u00e9dition du G.A.M. Jazz Festival &#8211; \u00c9ric S\u00e9va<\/title>\n<meta name=\"description\" content=\"La Vence Sc\u00e8ne - Saint-Egr\u00e8ve Mother of Pearl quintet Eric S\u00c9VA \u2013 compositions, saxophones baryton, soprano Daniel MILLE \u2013 accord\u00e9on Alfio ORIGLIO \u2013\" \/>\n<meta name=\"robots\" content=\"index, follow, max-snippet:-1, max-image-preview:large, max-video-preview:-1\" \/>\n<link rel=\"canonical\" href=\"https:\/\/www.ericseva.com\/evenement\/16-edition-du-g-a-m-jazz-festival\/\" \/>\n<meta property=\"og:locale\" content=\"en_US\" \/>\n<meta property=\"og:type\" content=\"article\" \/>\n<meta property=\"og:title\" content=\"16\u00b0 \u00e9dition du G.A.M. Jazz Festival &#8211; \u00c9ric S\u00e9va\" \/>\n<meta property=\"og:description\" content=\"La Vence Sc\u00e8ne - Saint-Egr\u00e8ve Mother of Pearl quintet Eric S\u00c9VA \u2013 compositions, saxophones baryton, soprano Daniel MILLE \u2013 accord\u00e9on Alfio ORIGLIO \u2013\" \/>\n<meta property=\"og:url\" content=\"https:\/\/www.ericseva.com\/evenement\/16-edition-du-g-a-m-jazz-festival\/\" \/>\n<meta property=\"og:site_name\" content=\"\u00c9ric S\u00e9va\" \/>\n<meta property=\"article:publisher\" content=\"https:\/\/www.facebook.com\/EricSevaSaxophonisteCompositeur\/\" \/>\n<meta name=\"twitter:card\" content=\"summary_large_image\" \/>\n<script type=\"application\/ld+json\" class=\"yoast-schema-graph\">{\"@context\":\"https:\/\/schema.org\",\"@graph\":[{\"@type\":\"WebPage\",\"@id\":\"https:\/\/www.ericseva.com\/evenement\/16-edition-du-g-a-m-jazz-festival\/\",\"url\":\"https:\/\/www.ericseva.com\/evenement\/16-edition-du-g-a-m-jazz-festival\/\",\"name\":\"16\u00b0 \u00e9dition du G.A.M. Jazz Festival &#8211; \u00c9ric S\u00e9va\",\"isPartOf\":{\"@id\":\"https:\/\/www.ericseva.com\/en\/#website\"},\"datePublished\":\"2020-10-03T22:00:00+00:00\",\"dateModified\":\"2020-10-03T22:00:00+00:00\",\"description\":\"La Vence Sc\u00e8ne - Saint-Egr\u00e8ve Mother of Pearl quintet Eric S\u00c9VA \u2013 compositions, saxophones baryton, soprano Daniel MILLE \u2013 accord\u00e9on Alfio ORIGLIO \u2013\",\"breadcrumb\":{\"@id\":\"https:\/\/www.ericseva.com\/evenement\/16-edition-du-g-a-m-jazz-festival\/#breadcrumb\"},\"inLanguage\":\"en-US\",\"potentialAction\":[{\"@type\":\"ReadAction\",\"target\":[\"https:\/\/www.ericseva.com\/evenement\/16-edition-du-g-a-m-jazz-festival\/\"]}]},{\"@type\":\"BreadcrumbList\",\"@id\":\"https:\/\/www.ericseva.com\/evenement\/16-edition-du-g-a-m-jazz-festival\/#breadcrumb\",\"itemListElement\":[{\"@type\":\"ListItem\",\"position\":1,\"name\":\"Accueil\",\"item\":\"https:\/\/www.ericseva.com\/en\/\"},{\"@type\":\"ListItem\",\"position\":2,\"name\":\"\u00c9v\u00e8nements\",\"item\":\"https:\/\/www.ericseva.com\/evenements\/\"},{\"@type\":\"ListItem\",\"position\":3,\"name\":\"16\u00b0 \u00e9dition du G.A.M. Jazz Festival\"}]},{\"@type\":\"WebSite\",\"@id\":\"https:\/\/www.ericseva.com\/en\/#website\",\"url\":\"https:\/\/www.ericseva.com\/en\/\",\"name\":\"\u00c9ric S\u00e9va\",\"description\":\"Saxophoniste et compositeur\",\"potentialAction\":[{\"@type\":\"SearchAction\",\"target\":{\"@type\":\"EntryPoint\",\"urlTemplate\":\"https:\/\/www.ericseva.com\/en\/?s={search_term_string}\"},\"query-input\":\"required name=search_term_string\"}],\"inLanguage\":\"en-US\"}]}<\/script>\n<!-- \/ Yoast SEO plugin. -->","yoast_head_json":{"title":"16\u00b0 \u00e9dition du G.A.M. Jazz Festival &#8211; \u00c9ric S\u00e9va","description":"La Vence Sc\u00e8ne - Saint-Egr\u00e8ve Mother of Pearl quintet Eric S\u00c9VA \u2013 compositions, saxophones baryton, soprano Daniel MILLE \u2013 accord\u00e9on Alfio ORIGLIO \u2013","robots":{"index":"index","follow":"follow","max-snippet":"max-snippet:-1","max-image-preview":"max-image-preview:large","max-video-preview":"max-video-preview:-1"},"canonical":"https:\/\/www.ericseva.com\/evenement\/16-edition-du-g-a-m-jazz-festival\/","og_locale":"en_US","og_type":"article","og_title":"16\u00b0 \u00e9dition du G.A.M. Jazz Festival &#8211; \u00c9ric S\u00e9va","og_description":"La Vence Sc\u00e8ne - Saint-Egr\u00e8ve Mother of Pearl quintet Eric S\u00c9VA \u2013 compositions, saxophones baryton, soprano Daniel MILLE \u2013 accord\u00e9on Alfio ORIGLIO \u2013","og_url":"https:\/\/www.ericseva.com\/evenement\/16-edition-du-g-a-m-jazz-festival\/","og_site_name":"\u00c9ric S\u00e9va","article_publisher":"https:\/\/www.facebook.com\/EricSevaSaxophonisteCompositeur\/","twitter_card":"summary_large_image","schema":{"@context":"https:\/\/schema.org","@graph":[{"@type":"WebPage","@id":"https:\/\/www.ericseva.com\/evenement\/16-edition-du-g-a-m-jazz-festival\/","url":"https:\/\/www.ericseva.com\/evenement\/16-edition-du-g-a-m-jazz-festival\/","name":"16\u00b0 \u00e9dition du G.A.M. Jazz Festival &#8211; \u00c9ric S\u00e9va","isPartOf":{"@id":"https:\/\/www.ericseva.com\/en\/#website"},"datePublished":"2020-10-03T22:00:00+00:00","dateModified":"2020-10-03T22:00:00+00:00","description":"La Vence Sc\u00e8ne - Saint-Egr\u00e8ve Mother of Pearl quintet Eric S\u00c9VA \u2013 compositions, saxophones baryton, soprano Daniel MILLE \u2013 accord\u00e9on Alfio ORIGLIO \u2013","breadcrumb":{"@id":"https:\/\/www.ericseva.com\/evenement\/16-edition-du-g-a-m-jazz-festival\/#breadcrumb"},"inLanguage":"en-US","potentialAction":[{"@type":"ReadAction","target":["https:\/\/www.ericseva.com\/evenement\/16-edition-du-g-a-m-jazz-festival\/"]}]},{"@type":"BreadcrumbList","@id":"https:\/\/www.ericseva.com\/evenement\/16-edition-du-g-a-m-jazz-festival\/#breadcrumb","itemListElement":[{"@type":"ListItem","position":1,"name":"Accueil","item":"https:\/\/www.ericseva.com\/en\/"},{"@type":"ListItem","position":2,"name":"\u00c9v\u00e8nements","item":"https:\/\/www.ericseva.com\/evenements\/"},{"@type":"ListItem","position":3,"name":"16\u00b0 \u00e9dition du G.A.M. Jazz Festival"}]},{"@type":"WebSite","@id":"https:\/\/www.ericseva.com\/en\/#website","url":"https:\/\/www.ericseva.com\/en\/","name":"\u00c9ric S\u00e9va","description":"Saxophoniste et compositeur","potentialAction":[{"@type":"SearchAction","target":{"@type":"EntryPoint","urlTemplate":"https:\/\/www.ericseva.com\/en\/?s={search_term_string}"},"query-input":"required name=search_term_string"}],"inLanguage":"en-US"}]}},"_links":{"self":[{"href":"https:\/\/www.ericseva.com\/en\/wp-json\/wp\/v2\/tribe_events\/3854"}],"collection":[{"href":"https:\/\/www.ericseva.com\/en\/wp-json\/wp\/v2\/tribe_events"}],"about":[{"href":"https:\/\/www.ericseva.com\/en\/wp-json\/wp\/v2\/types\/tribe_events"}],"author":[{"embeddable":true,"href":"https:\/\/www.ericseva.com\/en\/wp-json\/wp\/v2\/users\/4"}],"version-history":[{"count":0,"href":"https:\/\/www.ericseva.com\/en\/wp-json\/wp\/v2\/tribe_events\/3854\/revisions"}],"wp:attachment":[{"href":"https:\/\/www.ericseva.com\/en\/wp-json\/wp\/v2\/media?parent=3854"}],"wp:term":[{"taxonomy":"post_tag","embeddable":true,"href":"https:\/\/www.ericseva.com\/en\/wp-json\/wp\/v2\/tags?post=3854"},{"taxonomy":"tribe_events_cat","embeddable":true,"href":"https:\/\/www.ericseva.com\/en\/wp-json\/wp\/v2\/tribe_events_cat?post=3854"}],"curies":[{"name":"wp","href":"https:\/\/api.w.org\/{rel}","templated":true}]}}