{"id":4006,"date":"2022-08-27T22:11:27","date_gmt":"2022-08-27T20:11:27","guid":{"rendered":"https:\/\/www.ericseva.com\/evenement\/duo-sevazimmernann\/"},"modified":"2023-01-09T20:05:16","modified_gmt":"2023-01-09T19:05:16","slug":"duo-sevazimmermann","status":"publish","type":"tribe_events","link":"https:\/\/www.ericseva.com\/en\/evenement\/duo-sevazimmermann\/","title":{"rendered":"DUO S\u00c9VA \/ ZIMMERMANN"},"content":{"rendered":"<div class=\"tribe-events-schedule tribe-clearfix\">\n\t<h2 class=\"tribe-events-schedule__datetime\">\n\t\t<span class=\"tribe-events-schedule__date tribe-events-schedule__date--start\">\n\t\t\t20 March 2023\t\t<\/span>\n\n\t\t\t\t\t<span class=\"tribe-events-schedule__all-day\">All day<\/span>\n\t\t\n\t\t\t<\/h2>\n<\/div>\n\n\n\n\n<p>Concert (acoustique) en soir\u00e9e + une scolaire \u00e0 14\/14h30 \u00e0 la Salle du Belv\u00e9d\u00e8re \u00e0 Cosne\/Loire (80\/100 places).<\/p>\n\n\t<div  class=\"tribe-block tribe-block__events-link\" >\n\t\t<div class=\"tribe-events tribe-common\">\n\t\t\t<div class=\"tribe-events-c-subscribe-dropdown__container\">\n\t\t\t\t<div class=\"tribe-events-c-subscribe-dropdown\">\n\t\t\t\t\t<div class=\"tribe-common-c-btn-border tribe-events-c-subscribe-dropdown__button\">\n\t\t\t\t\t\t<svg  class=\"tribe-common-c-svgicon tribe-common-c-svgicon--cal-export tribe-events-c-subscribe-dropdown__export-icon\"  viewBox=\"0 0 23 17\" xmlns=\"http:\/\/www.w3.org\/2000\/svg\">\n  <path fill-rule=\"evenodd\" clip-rule=\"evenodd\" d=\"M.128.896V16.13c0 .211.145.383.323.383h15.354c.179 0 .323-.172.323-.383V.896c0-.212-.144-.383-.323-.383H.451C.273.513.128.684.128.896Zm16 6.742h-.901V4.679H1.009v10.729h14.218v-3.336h.901V7.638ZM1.01 1.614h14.218v2.058H1.009V1.614Z\" \/>\n  <path d=\"M20.5 9.846H8.312M18.524 6.953l2.89 2.909-2.855 2.855\" stroke-width=\"1.2\" stroke-linecap=\"round\" stroke-linejoin=\"round\"\/>\n<\/svg>\n\t\t\t\t\t\t<button\n\t\t\t\t\t\t\tclass=\"tribe-events-c-subscribe-dropdown__button-text\"\n\t\t\t\t\t\t\taria-expanded=\"false\"\n\t\t\t\t\t\t\taria-controls=\"tribe-events-subscribe-dropdown-content\"\n\t\t\t\t\t\t\taria-label=\"\"\n\t\t\t\t\t\t>\n\t\t\t\t\t\t\tAdd to calendar\t\t\t\t\t\t<\/button>\n\t\t\t\t\t\t<svg  class=\"tribe-common-c-svgicon tribe-common-c-svgicon--caret-down tribe-events-c-subscribe-dropdown__button-icon\"  viewBox=\"0 0 10 7\" xmlns=\"http:\/\/www.w3.org\/2000\/svg\" aria-hidden=\"true\"><path fill-rule=\"evenodd\" clip-rule=\"evenodd\" d=\"M1.008.609L5 4.6 8.992.61l.958.958L5 6.517.05 1.566l.958-.958z\" class=\"tribe-common-c-svgicon__svg-fill\"\/><\/svg>\n\t\t\t\t\t<\/div>\n\t\t\t\t\t<div id=\"tribe-events-subscribe-dropdown-content\" class=\"tribe-events-c-subscribe-dropdown__content\">\n\t\t\t\t\t\t<ul class=\"tribe-events-c-subscribe-dropdown__list\">\n\t\t\t\t\t\t\t\t\t\t\t\t\t\t\t<li class=\"tribe-events-c-subscribe-dropdown__list-item\">\n\t\t\t\t\t\t\t\t\t<a\n\t\t\t\t\t\t\t\t\t\thref=\"https:\/\/www.google.com\/calendar\/event?action=TEMPLATE&#038;dates=20230320T000000\/20230320T235959&#038;text=DUO%20S%C3%89VA%20%2F%20ZIMMERMANN&#038;details=%3Cp%3EConcert+%28acoustique%29+en+soir%C3%A9e+%2B+une+scolaire+%C3%A0+14%2F14h30+%C3%A0+la+Salle+du+Belv%C3%A9d%C3%A8re+%C3%A0+Cosne%2FLoire+%2880%2F100+places%29.%3C%2Fp%3E+&#038;location=Salle%20le%20Belv\u00e9d\u00e8re,%20Cosne-Cours-sur-Loire,%2058200,%20France&#038;trp=false&#038;ctz=Europe\/Paris&#038;sprop=website:https:\/\/www.ericseva.com\/en\/\"\n\t\t\t\t\t\t\t\t\t\tclass=\"tribe-events-c-subscribe-dropdown__list-item-link\"\n\t\t\t\t\t\t\t\t\t\ttarget=\"_blank\"\n\t\t\t\t\t\t\t\t\t\trel=\"noopener noreferrer nofollow noindex\"\n\t\t\t\t\t\t\t\t\t>\n\t\t\t\t\t\t\t\t\t\tGoogle Calendar\t\t\t\t\t\t\t\t\t<\/a>\n\t\t\t\t\t\t\t\t<\/li>\n\t\t\t\t\t\t\t\t\t\t\t\t\t\t\t<li class=\"tribe-events-c-subscribe-dropdown__list-item\">\n\t\t\t\t\t\t\t\t\t<a\n\t\t\t\t\t\t\t\t\t\thref=\"\"\n\t\t\t\t\t\t\t\t\t\tclass=\"tribe-events-c-subscribe-dropdown__list-item-link\"\n\t\t\t\t\t\t\t\t\t\ttarget=\"_blank\"\n\t\t\t\t\t\t\t\t\t\trel=\"noopener noreferrer nofollow noindex\"\n\t\t\t\t\t\t\t\t\t>\n\t\t\t\t\t\t\t\t\t\tiCalendar\t\t\t\t\t\t\t\t\t<\/a>\n\t\t\t\t\t\t\t\t<\/li>\n\t\t\t\t\t\t\t\t\t\t\t\t\t\t\t<li class=\"tribe-events-c-subscribe-dropdown__list-item\">\n\t\t\t\t\t\t\t\t\t<a\n\t\t\t\t\t\t\t\t\t\thref=\"\"\n\t\t\t\t\t\t\t\t\t\tclass=\"tribe-events-c-subscribe-dropdown__list-item-link\"\n\t\t\t\t\t\t\t\t\t\ttarget=\"_blank\"\n\t\t\t\t\t\t\t\t\t\trel=\"noopener noreferrer nofollow noindex\"\n\t\t\t\t\t\t\t\t\t>\n\t\t\t\t\t\t\t\t\t\tOutlook 365\t\t\t\t\t\t\t\t\t<\/a>\n\t\t\t\t\t\t\t\t<\/li>\n\t\t\t\t\t\t\t\t\t\t\t\t\t\t\t<li class=\"tribe-events-c-subscribe-dropdown__list-item\">\n\t\t\t\t\t\t\t\t\t<a\n\t\t\t\t\t\t\t\t\t\thref=\"\"\n\t\t\t\t\t\t\t\t\t\tclass=\"tribe-events-c-subscribe-dropdown__list-item-link\"\n\t\t\t\t\t\t\t\t\t\ttarget=\"_blank\"\n\t\t\t\t\t\t\t\t\t\trel=\"noopener noreferrer nofollow noindex\"\n\t\t\t\t\t\t\t\t\t>\n\t\t\t\t\t\t\t\t\t\tOutlook Live\t\t\t\t\t\t\t\t\t<\/a>\n\t\t\t\t\t\t\t\t<\/li>\n\t\t\t\t\t\t\t\t\t\t\t\t\t<\/ul>\n\t\t\t\t\t<\/div>\n\t\t\t\t<\/div>\n\t\t\t<\/div>\n\t\t<\/div>\n\t<\/div>\n\n\n\n<div class=\"tribe-events-single-section tribe-events-event-meta primary tribe-clearfix\">\n\t\n\t\n<div class=\"tribe-events-meta-group tribe-events-meta-group-details\">\n\t<h3 class=\"tribe-events-single-section-title\">\n\t\t\t\t\tDetails\t\t\n\t<\/h3>\n\t<dl>\n\n\t\t\n\t\t\t<dt> Date: <\/dt>\n\t\t\t<dd>\n\t\t\t\t<abbr class=\"tribe-events-abbr tribe-events-start-datetime published dtstart\" title=\"2023-03-20\"> 20 March 2023 <\/abbr>\n\t\t\t<\/dd>\n\n\t\t\n\t\t\n\t\t\n\t\t\n\t\t\n\t\t\n\t\t\t<\/dl>\n<\/div>\n\t\n<div class=\"tribe-events-meta-group tribe-events-meta-group-organizer\">\n\t<h3 class=\"tribe-events-single-section-title\">\n\t\t\t\t\tOrganizer\t\t\t<\/h3>\n\t<dl>\n\t\t\t\t\t<dt\n\t\t\t\tclass=\"tribe-common-a11y-visual-hide\"\n\t\t\t\taria-label=\"Organizer name: This represents the name of the event organizer.\"\n\t\t\t>\n\t\t\t\t\t\t\t<\/dt>\n\t\t\t<dd class=\"tribe-organizer\">\n\t\t\t\tEric S\u00e9va\t\t\t<\/dd>\n\t\t\t\t<\/dl>\n<\/div>\n\n\t<\/div>\n\n\n<div class=\"tribe-block tribe-block__venue \">\n\t\n\t\n<div class=\"tribe-block__venue__meta\">\n\t<div class=\"tribe-block__venue__name\">\n\t\t<i class=\"fa-regular fa-location-dot\"><\/i>&#8194;<h3>Salle le Belv\u00e9d\u00e8re<\/h3>\n\t<\/div>\n\n\t\n\t\t\t<address class=\"tribe-block__venue__address\">\n\t\t\t<span class=\"tribe-address\">\n\n\n\t<span class=\"tribe-locality\">Cosne-Cours-sur-Loire<\/span><span class=\"tribe-delimiter\">,<\/span>\n\n\n\t<span class=\"tribe-postal-code\">58200<\/span>\n\n\t<span class=\"tribe-country-name\">France<\/span>\n\n<\/span>\n\n\t\t\t\t\t<\/address>\n\t\n\t\n\t  <i class=\"fa-regular fa-link\"><\/i>&#8194;<span class=\"tribe-block__venue__website\"><a href=\"https:\/\/mairiecosnesurloire.fr\/\" target=\"_self\" rel=\"external\">View Venue Website<\/a><\/span><br \/>\n  \t\n\t<\/div>\n\t\n\t<\/div>\n","protected":false},"excerpt":{"rendered":"<p>Concert (acoustique) en soir\u00e9e + une scolaire \u00e0 14\/14h30 \u00e0 la Salle du Belv\u00e9d\u00e8re \u00e0 Cosne\/Loire (80\/100 places).<\/p>\n","protected":false},"author":4,"featured_media":0,"template":"","meta":{"_EventAllDay":true,"_EventTimezone":"Europe\/Paris","_EventStartDate":"2023-03-20 00:00:00","_EventEndDate":"2023-03-20 23:59:59","_EventStartDateUTC":"2023-03-19 23:00:00","_EventEndDateUTC":"2023-03-20 22:59:59","_EventShowMap":false,"_EventShowMapLink":false,"_EventURL":"","_EventCost":"","_EventCostDescription":"","_EventCurrencySymbol":"","_EventCurrencyCode":"","_EventCurrencyPosition":"","_EventDateTimeSeparator":"","_EventTimeRangeSeparator":"","_EventOrganizerID":[4005],"_EventVenueID":[4153],"_OrganizerEmail":"","_OrganizerPhone":"","_OrganizerWebsite":"","_VenueAddress":"","_VenueCity":"","_VenueCountry":"","_VenueProvince":"","_VenueState":"","_VenueZip":"","_VenuePhone":"","_VenueURL":"","_VenueStateProvince":"","_VenueLat":"","_VenueLng":"","_VenueShowMap":false,"_VenueShowMapLink":false,"_tribe_events_status":"","_tribe_events_status_reason":""},"tags":[],"tribe_events_cat":[],"yoast_head":"<!-- This site is optimized with the Yoast SEO plugin v22.6 - https:\/\/yoast.com\/wordpress\/plugins\/seo\/ -->\n<title>DUO S\u00c9VA \/ ZIMMERMANN &#8211; \u00c9ric S\u00e9va<\/title>\n<meta name=\"description\" content=\"Concert (acoustique) en soir\u00e9e + une scolaire \u00e0 14\/14h30 \u00e0 la Salle du Belv\u00e9d\u00e8re \u00e0 Cosne\/Loire (80\/100 places).\" \/>\n<meta name=\"robots\" content=\"index, follow, max-snippet:-1, max-image-preview:large, max-video-preview:-1\" \/>\n<link rel=\"canonical\" href=\"https:\/\/www.ericseva.com\/evenement\/duo-sevazimmermann\/\" \/>\n<meta property=\"og:locale\" content=\"en_US\" \/>\n<meta property=\"og:type\" content=\"article\" \/>\n<meta property=\"og:title\" content=\"DUO S\u00c9VA \/ ZIMMERMANN &#8211; \u00c9ric S\u00e9va\" \/>\n<meta property=\"og:description\" content=\"Concert (acoustique) en soir\u00e9e + une scolaire \u00e0 14\/14h30 \u00e0 la Salle du Belv\u00e9d\u00e8re \u00e0 Cosne\/Loire (80\/100 places).\" \/>\n<meta property=\"og:url\" content=\"https:\/\/www.ericseva.com\/evenement\/duo-sevazimmermann\/\" \/>\n<meta property=\"og:site_name\" content=\"\u00c9ric S\u00e9va\" \/>\n<meta property=\"article:publisher\" content=\"https:\/\/www.facebook.com\/EricSevaSaxophonisteCompositeur\/\" \/>\n<meta property=\"article:modified_time\" content=\"2023-01-09T19:05:16+00:00\" \/>\n<meta name=\"twitter:card\" content=\"summary_large_image\" \/>\n<meta name=\"twitter:label1\" content=\"Est. reading time\" \/>\n\t<meta name=\"twitter:data1\" content=\"1 minute\" \/>\n<script type=\"application\/ld+json\" class=\"yoast-schema-graph\">{\"@context\":\"https:\/\/schema.org\",\"@graph\":[{\"@type\":\"WebPage\",\"@id\":\"https:\/\/www.ericseva.com\/evenement\/duo-sevazimmermann\/\",\"url\":\"https:\/\/www.ericseva.com\/evenement\/duo-sevazimmermann\/\",\"name\":\"DUO S\u00c9VA \/ ZIMMERMANN &#8211; \u00c9ric S\u00e9va\",\"isPartOf\":{\"@id\":\"https:\/\/www.ericseva.com\/en\/#website\"},\"datePublished\":\"2022-08-27T20:11:27+00:00\",\"dateModified\":\"2023-01-09T19:05:16+00:00\",\"description\":\"Concert (acoustique) en soir\u00e9e + une scolaire \u00e0 14\/14h30 \u00e0 la Salle du Belv\u00e9d\u00e8re \u00e0 Cosne\/Loire (80\/100 places).\",\"breadcrumb\":{\"@id\":\"https:\/\/www.ericseva.com\/evenement\/duo-sevazimmermann\/#breadcrumb\"},\"inLanguage\":\"en-US\",\"potentialAction\":[{\"@type\":\"ReadAction\",\"target\":[\"https:\/\/www.ericseva.com\/evenement\/duo-sevazimmermann\/\"]}]},{\"@type\":\"BreadcrumbList\",\"@id\":\"https:\/\/www.ericseva.com\/evenement\/duo-sevazimmermann\/#breadcrumb\",\"itemListElement\":[{\"@type\":\"ListItem\",\"position\":1,\"name\":\"Accueil\",\"item\":\"https:\/\/www.ericseva.com\/en\/\"},{\"@type\":\"ListItem\",\"position\":2,\"name\":\"\u00c9v\u00e8nements\",\"item\":\"https:\/\/www.ericseva.com\/evenements\/\"},{\"@type\":\"ListItem\",\"position\":3,\"name\":\"DUO S\u00c9VA \/ ZIMMERMANN\"}]},{\"@type\":\"WebSite\",\"@id\":\"https:\/\/www.ericseva.com\/en\/#website\",\"url\":\"https:\/\/www.ericseva.com\/en\/\",\"name\":\"\u00c9ric S\u00e9va\",\"description\":\"Saxophoniste et compositeur\",\"potentialAction\":[{\"@type\":\"SearchAction\",\"target\":{\"@type\":\"EntryPoint\",\"urlTemplate\":\"https:\/\/www.ericseva.com\/en\/?s={search_term_string}\"},\"query-input\":\"required name=search_term_string\"}],\"inLanguage\":\"en-US\"}]}<\/script>\n<!-- \/ Yoast SEO plugin. -->","yoast_head_json":{"title":"DUO S\u00c9VA \/ ZIMMERMANN &#8211; \u00c9ric S\u00e9va","description":"Concert (acoustique) en soir\u00e9e + une scolaire \u00e0 14\/14h30 \u00e0 la Salle du Belv\u00e9d\u00e8re \u00e0 Cosne\/Loire (80\/100 places).","robots":{"index":"index","follow":"follow","max-snippet":"max-snippet:-1","max-image-preview":"max-image-preview:large","max-video-preview":"max-video-preview:-1"},"canonical":"https:\/\/www.ericseva.com\/evenement\/duo-sevazimmermann\/","og_locale":"en_US","og_type":"article","og_title":"DUO S\u00c9VA \/ ZIMMERMANN &#8211; \u00c9ric S\u00e9va","og_description":"Concert (acoustique) en soir\u00e9e + une scolaire \u00e0 14\/14h30 \u00e0 la Salle du Belv\u00e9d\u00e8re \u00e0 Cosne\/Loire (80\/100 places).","og_url":"https:\/\/www.ericseva.com\/evenement\/duo-sevazimmermann\/","og_site_name":"\u00c9ric S\u00e9va","article_publisher":"https:\/\/www.facebook.com\/EricSevaSaxophonisteCompositeur\/","article_modified_time":"2023-01-09T19:05:16+00:00","twitter_card":"summary_large_image","twitter_misc":{"Est. reading time":"1 minute"},"schema":{"@context":"https:\/\/schema.org","@graph":[{"@type":"WebPage","@id":"https:\/\/www.ericseva.com\/evenement\/duo-sevazimmermann\/","url":"https:\/\/www.ericseva.com\/evenement\/duo-sevazimmermann\/","name":"DUO S\u00c9VA \/ ZIMMERMANN &#8211; \u00c9ric S\u00e9va","isPartOf":{"@id":"https:\/\/www.ericseva.com\/en\/#website"},"datePublished":"2022-08-27T20:11:27+00:00","dateModified":"2023-01-09T19:05:16+00:00","description":"Concert (acoustique) en soir\u00e9e + une scolaire \u00e0 14\/14h30 \u00e0 la Salle du Belv\u00e9d\u00e8re \u00e0 Cosne\/Loire (80\/100 places).","breadcrumb":{"@id":"https:\/\/www.ericseva.com\/evenement\/duo-sevazimmermann\/#breadcrumb"},"inLanguage":"en-US","potentialAction":[{"@type":"ReadAction","target":["https:\/\/www.ericseva.com\/evenement\/duo-sevazimmermann\/"]}]},{"@type":"BreadcrumbList","@id":"https:\/\/www.ericseva.com\/evenement\/duo-sevazimmermann\/#breadcrumb","itemListElement":[{"@type":"ListItem","position":1,"name":"Accueil","item":"https:\/\/www.ericseva.com\/en\/"},{"@type":"ListItem","position":2,"name":"\u00c9v\u00e8nements","item":"https:\/\/www.ericseva.com\/evenements\/"},{"@type":"ListItem","position":3,"name":"DUO S\u00c9VA \/ ZIMMERMANN"}]},{"@type":"WebSite","@id":"https:\/\/www.ericseva.com\/en\/#website","url":"https:\/\/www.ericseva.com\/en\/","name":"\u00c9ric S\u00e9va","description":"Saxophoniste et compositeur","potentialAction":[{"@type":"SearchAction","target":{"@type":"EntryPoint","urlTemplate":"https:\/\/www.ericseva.com\/en\/?s={search_term_string}"},"query-input":"required name=search_term_string"}],"inLanguage":"en-US"}]}},"_links":{"self":[{"href":"https:\/\/www.ericseva.com\/en\/wp-json\/wp\/v2\/tribe_events\/4006"}],"collection":[{"href":"https:\/\/www.ericseva.com\/en\/wp-json\/wp\/v2\/tribe_events"}],"about":[{"href":"https:\/\/www.ericseva.com\/en\/wp-json\/wp\/v2\/types\/tribe_events"}],"author":[{"embeddable":true,"href":"https:\/\/www.ericseva.com\/en\/wp-json\/wp\/v2\/users\/4"}],"version-history":[{"count":6,"href":"https:\/\/www.ericseva.com\/en\/wp-json\/wp\/v2\/tribe_events\/4006\/revisions"}],"predecessor-version":[{"id":4163,"href":"https:\/\/www.ericseva.com\/en\/wp-json\/wp\/v2\/tribe_events\/4006\/revisions\/4163"}],"wp:attachment":[{"href":"https:\/\/www.ericseva.com\/en\/wp-json\/wp\/v2\/media?parent=4006"}],"wp:term":[{"taxonomy":"post_tag","embeddable":true,"href":"https:\/\/www.ericseva.com\/en\/wp-json\/wp\/v2\/tags?post=4006"},{"taxonomy":"tribe_events_cat","embeddable":true,"href":"https:\/\/www.ericseva.com\/en\/wp-json\/wp\/v2\/tribe_events_cat?post=4006"}],"curies":[{"name":"wp","href":"https:\/\/api.w.org\/{rel}","templated":true}]}}